{"id":118,"date":"2024-03-23T09:19:17","date_gmt":"2024-03-23T08:19:17","guid":{"rendered":"https:\/\/www.dietmar-korthals.de\/dietmar-korthals_wordpress\/?page_id=118"},"modified":"2026-04-12T15:04:52","modified_gmt":"2026-04-12T13:04:52","slug":"termine","status":"publish","type":"page","link":"http:\/\/www.dietmar-korthals.de\/dietmar-korthals_wordpress\/termine\/","title":{"rendered":"Termine"},"content":{"rendered":"\t\t<div data-elementor-type=\"wp-page\" data-elementor-id=\"118\" class=\"elementor elementor-118\">\n\t\t\t\t<div class=\"elementor-element elementor-element-2454b773 e-con-full e-flex e-con e-parent\" data-id=\"2454b773\" data-element_type=\"container\">\n\t\t\t\t<div class=\"elementor-element elementor-element-7e5c43ad elementor-widget elementor-widget-text-editor\" data-id=\"7e5c43ad\" data-element_type=\"widget\" data-widget_type=\"text-editor.default\">\n\t\t\t\t<div class=\"elementor-widget-container\">\n\t\t\t<style>\/*! elementor - v3.23.0 - 05-08-2024 *\/\n.elementor-widget-text-editor.elementor-drop-cap-view-stacked .elementor-drop-cap{background-color:#69727d;color:#fff}.elementor-widget-text-editor.elementor-drop-cap-view-framed .elementor-drop-cap{color:#69727d;border:3px solid;background-color:transparent}.elementor-widget-text-editor:not(.elementor-drop-cap-view-default) .elementor-drop-cap{margin-top:8px}.elementor-widget-text-editor:not(.elementor-drop-cap-view-default) .elementor-drop-cap-letter{width:1em;height:1em}.elementor-widget-text-editor .elementor-drop-cap{float:left;text-align:center;line-height:1;font-size:50px}.elementor-widget-text-editor .elementor-drop-cap-letter{display:inline-block}<\/style>\t\t\t\t<!-- wp:columns {\"className\":\"\"} -->\n<div class=\"wp-block-columns\"><!-- wp:column {\"className\":\"\"} -->\n<div class=\"wp-block-column\"><!-- wp:heading {\"className\":\"is-style-small-text\",\"style\":{\"spacing\":{\"margin\":{\"top\":\"0px\",\"right\":\"0px\",\"bottom\":\"0px\",\"left\":\"0px\"}}}} --><!-- \/wp:heading -->\n\n<!-- wp:heading {\"level\":4,\"className\":\"\",\"style\":{\"spacing\":{\"margin\":{\"top\":\"0px\",\"right\":\"0px\",\"bottom\":\"0px\",\"left\":\"0px\"}}}} --><\/div>\n<\/div>\n<div class=\"wp-block-columns\">\n<div class=\"wp-block-column\">\n<div class=\"wp-block-buttons\">\u00a0<\/div>\n<\/div>\n<\/div>\n<div class=\"wp-block-spacer\" aria-hidden=\"true\">\n<div class=\"wp-block-spacer\" aria-hidden=\"true\">\n<div aria-hidden=\"true\">\u00a0<\/div>\n<div class=\"wp-block-spacer\" aria-hidden=\"true\">\n<div class=\"wp-block-spacer\" aria-hidden=\"true\">\n<div class=\"wp-block-columns\">\n<div class=\"wp-block-column\">\n<h4 class=\"wp-block-heading\">18\/04\/2026, 19 Uhr<\/h4>\n<\/div>\n<div class=\"wp-block-column\">\n<h2 class=\"wp-block-heading is-style-small-text\">Historisches B\u00fcrgerhaus Langenberg<br \/>Hauptstr. 64<br \/><strong>42555 Velbert-Langenberg<br \/><\/strong><\/h2>\n<p>&nbsp;<\/p>\n<\/div>\n<div class=\"wp-block-column\">\n<h2 class=\"wp-block-heading\">Stars auf der Faust-Orgel<\/h2>\n<p>&#8230;und nicht &#8222;Stars auf der <em><strong>Kirchen<\/strong><\/em>orgel&#8220; :-). Im historischen B\u00fcrgerhaus von Langenberg existiert eine Konzertsaal-Orgel des Wuppertaler Orgelbauers Paul Faust aus dem Jahre 1917 mit 49 Registern (<a href=\"https:\/\/www.orgel-information.de\/Orgeln\/v\/va-ve\/velbert_buergerhaus_v-langenberg.html\" target=\"_blank\" rel=\"noopener\">Disposition<\/a>). Besondere Lokalit\u00e4t &#8211; besonderes Highlight.<\/p>\n<div class=\"wp-block-spacer\" aria-hidden=\"true\">\u00a0<\/div>\n<div class=\"wp-block-buttons\">\n<div class=\"wp-block-button is-style-arrow\"><a class=\"wp-block-button__link wp-element-button\" href=\"https:\/\/www.neanderticket.de\/587851\" target=\"_blank\" rel=\"noopener\">Velberter Kulturl\u00f6wen<\/a><\/div>\n<div>\u00a0<\/div>\n<\/div>\n<\/div>\n<\/div>\n<div class=\"wp-block-spacer\" aria-hidden=\"true\">\u00a0<\/div>\n<hr class=\"wp-block-separator has-css-opacity is-style-wide\" \/>\n<div class=\"wp-block-spacer\" aria-hidden=\"true\">\u00a0<\/div>\n<div aria-hidden=\"true\">\u00a0<\/div>\n<div class=\"wp-block-spacer\" aria-hidden=\"true\">\n<div class=\"wp-block-spacer\" aria-hidden=\"true\">\n<div class=\"wp-block-columns\">\n<div class=\"wp-block-column\">\n<h4 class=\"wp-block-heading\">17\/05\/2026, 10 Uhr<\/h4>\n<\/div>\n<div class=\"wp-block-column\">\n<h2 class=\"wp-block-heading is-style-small-text\"><strong>Pauluskirche Dortmund<br \/>Sch\u00fctzenstr. 35<br \/>44147 Dortmund<\/strong><\/h2>\n<p>&nbsp;<\/p>\n<\/div>\n<div class=\"wp-block-column\">\n<h2 class=\"wp-block-heading\">Kulturgottesdienst &#8222;Bruce Springsteen&#8220;<\/h2>\n<p>Ein Star, der Popmusikgeschichte geschrieben hat. Zeit f\u00fcr eine W\u00fcrdigung im Rahmen eines Kulturgottesdienstes. Die Predigt von Pr\u00e4dikantin Christina Ernst wird sich auf Springsteen beziehen; und es werden f\u00fcnf seiner gr\u00f6\u00dften Hits auf der Rieger-Orgel erklingen.<\/p>\n<div class=\"wp-block-spacer\" aria-hidden=\"true\">\u00a0<\/div>\n<div class=\"wp-block-buttons\">\n<div class=\"wp-block-button is-style-arrow\"><a class=\"wp-block-button__link wp-element-button\" href=\"https:\/\/www.veranstaltungen-ekvw.de\/d-1283268\" target=\"_blank\" rel=\"noopener\">Lydiagemeinde \/ Pauluskirche<\/a><\/div>\n<div>\u00a0<\/div>\n<\/div>\n<\/div>\n<\/div>\n<div class=\"wp-block-spacer\" aria-hidden=\"true\">\u00a0<\/div>\n<hr class=\"wp-block-separator has-css-opacity is-style-wide\" \/>\n<div class=\"wp-block-spacer\" aria-hidden=\"true\">\u00a0<\/div>\n<div aria-hidden=\"true\">\u00a0<\/div>\n<div class=\"wp-block-spacer\" aria-hidden=\"true\">\n<div class=\"wp-block-spacer\" aria-hidden=\"true\">\n<div class=\"wp-block-columns\">\n<div class=\"wp-block-column\">\n<h4 class=\"wp-block-heading\">13\/06\/2026, 19 Uhr<\/h4>\n<\/div>\n<div class=\"wp-block-column\">\n<h2 class=\"wp-block-heading is-style-small-text\"><strong>Pauluskirche dortmund<br \/>sch\u00fctzenstr. 35<br \/>44147 Dortmund<\/strong><\/h2>\n<p>&nbsp;<\/p>\n<\/div>\n<div class=\"wp-block-column\">\n<h2 class=\"wp-block-heading\">Stars auf der Kirchenorgel<\/h2>\n<p>Heimspiel \ud83d\ude09<br \/>Seit 2013 bereite ich je 5 Pop-\/Rocktitel f\u00fcr Kulturgottesdienste auf der Pfeifenorgel vor. Aus dem entstandenen Repertoire spiele ich seit 2019 das Konzertprogramm &#8222;Stars auf der Kirchenorgel&#8220;. Ein Konzert in der Gemeinde, aus der alles heraus entstanden ist, ist \u00fcberf\u00e4llig.<\/p>\n<div class=\"wp-block-spacer\" aria-hidden=\"true\">\u00a0<\/div>\n<div class=\"wp-block-buttons\">\n<div class=\"wp-block-button is-style-arrow\"><a class=\"wp-block-button__link wp-element-button\" href=\"https:\/\/pauluskirche.net\/uebersicht\/41-stars-auf-der-kirchenorgel-dietmar-korthals.html\" target=\"_blank\" rel=\"noopener\">Veranstaltungsbeschreibung Pauluskirche<\/a><\/div>\n<div>\u00a0<\/div>\n<\/div>\n<\/div>\n<\/div>\n<div class=\"wp-block-spacer\" aria-hidden=\"true\">\u00a0<\/div>\n<hr class=\"wp-block-separator has-css-opacity is-style-wide\" \/><hr class=\"wp-block-separator has-css-opacity is-style-wide\" \/><\/div>\n<\/div>\n<hr class=\"wp-block-separator has-css-opacity is-style-wide\" \/><\/div>\n<\/div>\n<div class=\"wp-block-spacer\" aria-hidden=\"true\">\u00a0<\/div>\n<hr class=\"wp-block-separator has-css-opacity is-style-wide\" \/>\n<div class=\"wp-block-spacer\" aria-hidden=\"true\">\u00a0<\/div>\n<div aria-hidden=\"true\">\u00a0<\/div>\n<div class=\"wp-block-spacer\" aria-hidden=\"true\">\n<div class=\"wp-block-spacer\" aria-hidden=\"true\">\n<div class=\"wp-block-columns\">\n<div class=\"wp-block-column\">\n<h4 class=\"wp-block-heading\">11\/09\/2026, 19 Uhr<\/h4>\n<\/div>\n<div class=\"wp-block-column\">\n<h2 class=\"wp-block-heading is-style-small-text\"><strong>Gro\u00dfe kirche aplerbeck<br \/>M\u00e4rtmannstr. 13<br \/>44287 Dortmund<\/strong><\/h2>\n<p>&nbsp;<\/p>\n<\/div>\n<div class=\"wp-block-column\">\n<h2 class=\"wp-block-heading\">Stars auf der Kirchenorgel<\/h2>\n<p>.Das Festival &#8222;Aplerbeck klingt&#8220; ist ein wunderbar etabliertes Stadtteilfestival, in welchem auch die Georgsgemeinde fest etabliert ist. Dieses Jahr wird das Festival zum dritten Mal mit &#8222;Stars auf der Kirchenorgel&#8220; auf der historischen Schulze\/Paulinzella-Orgel er\u00f6ffnet. Nat\u00fcrlich wird das Programm neu gestaltet.<\/p>\n<div class=\"wp-block-spacer\" aria-hidden=\"true\">\u00a0<\/div>\n<div class=\"wp-block-buttons\">\n<div class=\"wp-block-button is-style-arrow\"><a class=\"wp-block-button__link wp-element-button\" href=\"https:\/\/www.aplerbeck-klingt.de\" target=\"_blank\" rel=\"noopener\">Aplerbeck klingt<\/a><\/div>\n<div>\u00a0<\/div>\n<\/div>\n<\/div>\n<\/div>\n<div class=\"wp-block-spacer\" aria-hidden=\"true\">\u00a0<\/div>\n<hr class=\"wp-block-separator has-css-opacity is-style-wide\" \/><hr class=\"wp-block-separator has-css-opacity is-style-wide\" \/><\/div>\n<\/div>\n<hr class=\"wp-block-separator has-css-opacity is-style-wide\" \/><\/div>\n<\/div>\n<div class=\"wp-block-spacer\" aria-hidden=\"true\">\u00a0<\/div>\n<hr class=\"wp-block-separator has-css-opacity is-style-wide\" \/>\n<div class=\"wp-block-spacer\" aria-hidden=\"true\">\u00a0<\/div>\n<div aria-hidden=\"true\">\u00a0<\/div>\n<div class=\"wp-block-spacer\" aria-hidden=\"true\">\n<div class=\"wp-block-spacer\" aria-hidden=\"true\">\n<div class=\"wp-block-columns\">\n<div class=\"wp-block-column\">\n<h4 class=\"wp-block-heading\">20\/09\/2026, 18 Uhr<\/h4>\n<\/div>\n<div class=\"wp-block-column\">\n<h2 class=\"wp-block-heading is-style-small-text\">stadtpfarrkirche St. Nikolaus<br \/>kirchplatz 1<br \/><strong>94227 Zwiesel<\/strong><\/h2>\n<p>&nbsp;<\/p>\n<\/div>\n<div class=\"wp-block-column\">\n<h2 class=\"wp-block-heading\">Stars auf der Kirchenorgel reloaded<\/h2>\n<p>Das erste Konzert im Rahmen der Zwieseler Orgeltage 2021 war ein <a href=\"https:\/\/www.dietmar-korthals.de\/pnp_zwiesel_22-09-2021.pdf\" target=\"_blank\" rel=\"noopener\">gro\u00dfer Erfolg<\/a>. Und so erfreut es, dieses Jahr ein zweites Konzert auf der <a href=\"https:\/\/www.niederbayern-wiki.de\/wiki\/Eisenbarth-Orgel_(St._Nikolaus_Zwiesel)\" target=\"_blank\" rel=\"noopener\">Eisenbarth-Orgel<\/a> von St. Nikolaus\/Zwiesel gestalten zu d\u00fcrfen. Nat\u00fcrlich darf ein frisches Programm erwartet werden.<\/p>\n<div class=\"wp-block-spacer\" aria-hidden=\"true\">\u00a0<\/div>\n<div class=\"wp-block-buttons\">\n<div class=\"wp-block-button is-style-arrow\"><a class=\"wp-block-button__link wp-element-button\" href=\"https:\/\/konzerterlebnisse-bayerwald.de\/event\/43\/date\/42\" target=\"_blank\" rel=\"noopener\">Konzerterlebnisse Bayerwald<\/a><\/div>\n<div>\u00a0<\/div>\n<\/div>\n<\/div>\n<\/div>\n<div class=\"wp-block-spacer\" aria-hidden=\"true\">\u00a0<\/div>\n<hr class=\"wp-block-separator has-css-opacity is-style-wide\" \/><hr class=\"wp-block-separator has-css-opacity is-style-wide\" \/><\/div>\n<\/div>\n<hr class=\"wp-block-separator has-css-opacity is-style-wide\" \/><\/div>\n<\/div>\n<div class=\"wp-block-spacer\" aria-hidden=\"true\">\u00a0<\/div>\n<hr class=\"wp-block-separator has-css-opacity is-style-wide\" \/>\n<div class=\"wp-block-spacer\" aria-hidden=\"true\">\u00a0<\/div>\n<div aria-hidden=\"true\">\u00a0<\/div>\n<div class=\"wp-block-spacer\" aria-hidden=\"true\">\n<div class=\"wp-block-spacer\" aria-hidden=\"true\">\n<div class=\"wp-block-columns\">\n<div class=\"wp-block-column\">\n<h4 class=\"wp-block-heading\">10\/10\/2026, Uhrzeit steht noch nicht fest<\/h4>\n<\/div>\n<div class=\"wp-block-column\">\n<h2 class=\"wp-block-heading is-style-small-text\"><strong>Pauluskirche Dortmund<br \/>Sch\u00fctzenstr. 35<br \/>44147 Dortmund<\/strong><\/h2>\n<p>&nbsp;<\/p>\n<\/div>\n<div class=\"wp-block-column\">\n<h2 class=\"wp-block-heading\">Konzert mit Henning Pertiet<\/h2>\n<p>Es wird spontan. Experimentell. Musik, die im Augenblick entsteht. \u00a0Henning Pertiet ist seines Zeichens einer der besten Boogie-Pianisten Deutschlands. Zusammen verlassen wir unsere Komfortzone: Henning Pertiet mit seinem Buchla-Modularsystem und ich an der Pfeifenorgel (ggf. zus\u00e4tzlich mit meinem Modularsystem) lassen improvisatorisch etwas Neues, Ganzes, Faszinierendes entstehen.<\/p>\n<div class=\"wp-block-spacer\" aria-hidden=\"true\">\u00a0<\/div>\n<div class=\"wp-block-buttons\">\n<div class=\"wp-block-button is-style-arrow\"><a class=\"wp-block-button__link wp-element-button\" href=\"https:\/\/pauluskirche.net\" target=\"_blank\" rel=\"noopener\">Pauluskirche Dortmund<\/a><\/div>\n<div>\u00a0<\/div>\n<\/div>\n<\/div>\n<\/div>\n\t\t\t\t\t\t<\/div>\n\t\t\t\t<\/div>\n\t\t\t\t<\/div>\n\t\t\t\t<\/div>\n\t\t","protected":false},"excerpt":{"rendered":"<p>\u00a0 \u00a0 18\/04\/2026, 19 Uhr Historisches B\u00fcrgerhaus LangenbergHauptstr. 6442555 Velbert-Langenberg &nbsp; Stars auf der Faust-Orgel &#8230;und nicht &#8222;Stars auf der<span class=\"more-dots\">&#8230;<\/span><\/p>\n","protected":false},"author":1,"featured_media":61,"parent":0,"menu_order":0,"comment_status":"closed","ping_status":"closed","template":"","meta":{"_uf_show_specific_survey":0,"_uf_disable_surveys":false,"footnotes":""},"class_list":["post-118","page","type-page","status-publish","has-post-thumbnail","hentry"],"yoast_head":"<!-- This site is optimized with the Yoast SEO plugin v23.3 - https:\/\/yoast.com\/wordpress\/plugins\/seo\/ -->\n<title>Termine - Dietmar Korthals<\/title>\n<meta name=\"robots\" content=\"index, follow, max-snippet:-1, max-image-preview:large, max-video-preview:-1\" \/>\n<link rel=\"canonical\" href=\"https:\/\/www.dietmar-korthals.de\/dietmar-korthals_wordpress\/termine\/\" \/>\n<meta property=\"og:locale\" content=\"de_DE\" \/>\n<meta property=\"og:type\" content=\"article\" \/>\n<meta property=\"og:title\" content=\"Termine - Dietmar Korthals\" \/>\n<meta property=\"og:description\" content=\"\u00a0 \u00a0 18\/04\/2026, 19 Uhr Historisches B\u00fcrgerhaus LangenbergHauptstr. 6442555 Velbert-Langenberg &nbsp; Stars auf der Faust-Orgel &#8230;und nicht &#8222;Stars auf der...\" \/>\n<meta property=\"og:url\" content=\"https:\/\/www.dietmar-korthals.de\/dietmar-korthals_wordpress\/termine\/\" \/>\n<meta property=\"og:site_name\" content=\"Dietmar Korthals\" \/>\n<meta property=\"article:publisher\" content=\"https:\/\/www.facebook.com\/dietmar.korthals\" \/>\n<meta property=\"article:modified_time\" content=\"2026-04-12T13:04:52+00:00\" \/>\n<meta property=\"og:image\" content=\"https:\/\/www.dietmar-korthals.de\/dietmar-korthals_wordpress\/wp-content\/uploads\/2024\/03\/dietmar_korthals_3-scaled.jpg\" \/>\n\t<meta property=\"og:image:width\" content=\"2560\" \/>\n\t<meta property=\"og:image:height\" content=\"1707\" \/>\n\t<meta property=\"og:image:type\" content=\"image\/webp\" \/>\n<meta name=\"twitter:card\" content=\"summary_large_image\" \/>\n<meta name=\"twitter:label1\" content=\"Gesch\u00e4tzte Lesezeit\" \/>\n\t<meta name=\"twitter:data1\" content=\"2\u00a0Minuten\" \/>\n<script type=\"application\/ld+json\" class=\"yoast-schema-graph\">{\"@context\":\"https:\/\/schema.org\",\"@graph\":[{\"@type\":\"WebPage\",\"@id\":\"https:\/\/www.dietmar-korthals.de\/dietmar-korthals_wordpress\/termine\/\",\"url\":\"https:\/\/www.dietmar-korthals.de\/dietmar-korthals_wordpress\/termine\/\",\"name\":\"Termine - Dietmar Korthals\",\"isPartOf\":{\"@id\":\"https:\/\/www.dietmar-korthals.de\/dietmar-korthals_wordpress\/#website\"},\"primaryImageOfPage\":{\"@id\":\"https:\/\/www.dietmar-korthals.de\/dietmar-korthals_wordpress\/termine\/#primaryimage\"},\"image\":{\"@id\":\"https:\/\/www.dietmar-korthals.de\/dietmar-korthals_wordpress\/termine\/#primaryimage\"},\"thumbnailUrl\":\"http:\/\/www.dietmar-korthals.de\/dietmar-korthals_wordpress\/wp-content\/uploads\/2024\/03\/dietmar_korthals_3-scaled.jpg\",\"datePublished\":\"2024-03-23T08:19:17+00:00\",\"dateModified\":\"2026-04-12T13:04:52+00:00\",\"breadcrumb\":{\"@id\":\"https:\/\/www.dietmar-korthals.de\/dietmar-korthals_wordpress\/termine\/#breadcrumb\"},\"inLanguage\":\"de\",\"potentialAction\":[{\"@type\":\"ReadAction\",\"target\":[\"https:\/\/www.dietmar-korthals.de\/dietmar-korthals_wordpress\/termine\/\"]}]},{\"@type\":\"ImageObject\",\"inLanguage\":\"de\",\"@id\":\"https:\/\/www.dietmar-korthals.de\/dietmar-korthals_wordpress\/termine\/#primaryimage\",\"url\":\"http:\/\/www.dietmar-korthals.de\/dietmar-korthals_wordpress\/wp-content\/uploads\/2024\/03\/dietmar_korthals_3-scaled.jpg\",\"contentUrl\":\"http:\/\/www.dietmar-korthals.de\/dietmar-korthals_wordpress\/wp-content\/uploads\/2024\/03\/dietmar_korthals_3-scaled.jpg\",\"width\":2560,\"height\":1707},{\"@type\":\"BreadcrumbList\",\"@id\":\"https:\/\/www.dietmar-korthals.de\/dietmar-korthals_wordpress\/termine\/#breadcrumb\",\"itemListElement\":[{\"@type\":\"ListItem\",\"position\":1,\"name\":\"Home\",\"item\":\"https:\/\/www.dietmar-korthals.de\/dietmar-korthals_wordpress\/\"},{\"@type\":\"ListItem\",\"position\":2,\"name\":\"Termine\"}]},{\"@type\":\"WebSite\",\"@id\":\"https:\/\/www.dietmar-korthals.de\/dietmar-korthals_wordpress\/#website\",\"url\":\"https:\/\/www.dietmar-korthals.de\/dietmar-korthals_wordpress\/\",\"name\":\"Dietmar Korthals\",\"description\":\"Klavier. Orgel. Konzerte. Unterricht.\",\"publisher\":{\"@id\":\"https:\/\/www.dietmar-korthals.de\/dietmar-korthals_wordpress\/#\/schema\/person\/e762c527bb5e2287a6e0cdf9577bc822\"},\"potentialAction\":[{\"@type\":\"SearchAction\",\"target\":{\"@type\":\"EntryPoint\",\"urlTemplate\":\"https:\/\/www.dietmar-korthals.de\/dietmar-korthals_wordpress\/?s={search_term_string}\"},\"query-input\":\"required name=search_term_string\"}],\"inLanguage\":\"de\"},{\"@type\":[\"Person\",\"Organization\"],\"@id\":\"https:\/\/www.dietmar-korthals.de\/dietmar-korthals_wordpress\/#\/schema\/person\/e762c527bb5e2287a6e0cdf9577bc822\",\"name\":\"bluenote\",\"image\":{\"@type\":\"ImageObject\",\"inLanguage\":\"de\",\"@id\":\"https:\/\/www.dietmar-korthals.de\/dietmar-korthals_wordpress\/#\/schema\/person\/image\/\",\"url\":\"https:\/\/www.dietmar-korthals.de\/dietmar-korthals_wordpress\/wp-content\/uploads\/2024\/03\/dietmar_korthals_3-scaled-e1723734283249.webp\",\"contentUrl\":\"https:\/\/www.dietmar-korthals.de\/dietmar-korthals_wordpress\/wp-content\/uploads\/2024\/03\/dietmar_korthals_3-scaled-e1723734283249.webp\",\"width\":1180,\"height\":635,\"caption\":\"bluenote\"},\"logo\":{\"@id\":\"https:\/\/www.dietmar-korthals.de\/dietmar-korthals_wordpress\/#\/schema\/person\/image\/\"},\"description\":\"Preistr\u00e4ger Jugend komponiert. Studium Musikwissenschaft in Bochum. Klavierlehrer. Organist der Dortmunder Pauluskirche. Projekt \\\"Die popul\u00e4re Orgel\\\" - Choralbearbeitungen in Pop- und Jazzstilen f\u00fcr die Pfeifenorgel. Projekt Orgel plus DJ mit DJ Dash. Projekt PianoSacra - Klavierkl\u00e4nge f\u00fcr die Kirche. Projekt Das Orgelkombinat - Orgel plus Synthesizer. Fernerhin Interesse an den Werken Dortmunder Orgelkomponisten, insbesondere Otto Heinermann\",\"sameAs\":[\"http:\/\/www.dietmar-korthals.de\/dietmar-korthals_wordpress\",\"https:\/\/www.facebook.com\/dietmar.korthals\",\"https:\/\/www.youtube.com\/channel\/UCq2BlRBc_vQkNzsMAInGP6A\",\"https:\/\/de.everybodywiki.com\/Dietmar_Korthals\"]}]}<\/script>\n<!-- \/ Yoast SEO plugin. -->","yoast_head_json":{"title":"Termine - Dietmar Korthals","robots":{"index":"index","follow":"follow","max-snippet":"max-snippet:-1","max-image-preview":"max-image-preview:large","max-video-preview":"max-video-preview:-1"},"canonical":"https:\/\/www.dietmar-korthals.de\/dietmar-korthals_wordpress\/termine\/","og_locale":"de_DE","og_type":"article","og_title":"Termine - Dietmar Korthals","og_description":"\u00a0 \u00a0 18\/04\/2026, 19 Uhr Historisches B\u00fcrgerhaus LangenbergHauptstr. 6442555 Velbert-Langenberg &nbsp; Stars auf der Faust-Orgel &#8230;und nicht &#8222;Stars auf der...","og_url":"https:\/\/www.dietmar-korthals.de\/dietmar-korthals_wordpress\/termine\/","og_site_name":"Dietmar Korthals","article_publisher":"https:\/\/www.facebook.com\/dietmar.korthals","article_modified_time":"2026-04-12T13:04:52+00:00","og_image":[{"width":2560,"height":1707,"url":"https:\/\/www.dietmar-korthals.de\/dietmar-korthals_wordpress\/wp-content\/uploads\/2024\/03\/dietmar_korthals_3-scaled.jpg","type":"image\/webp"}],"twitter_card":"summary_large_image","twitter_misc":{"Gesch\u00e4tzte Lesezeit":"2\u00a0Minuten"},"schema":{"@context":"https:\/\/schema.org","@graph":[{"@type":"WebPage","@id":"https:\/\/www.dietmar-korthals.de\/dietmar-korthals_wordpress\/termine\/","url":"https:\/\/www.dietmar-korthals.de\/dietmar-korthals_wordpress\/termine\/","name":"Termine - Dietmar Korthals","isPartOf":{"@id":"https:\/\/www.dietmar-korthals.de\/dietmar-korthals_wordpress\/#website"},"primaryImageOfPage":{"@id":"https:\/\/www.dietmar-korthals.de\/dietmar-korthals_wordpress\/termine\/#primaryimage"},"image":{"@id":"https:\/\/www.dietmar-korthals.de\/dietmar-korthals_wordpress\/termine\/#primaryimage"},"thumbnailUrl":"http:\/\/www.dietmar-korthals.de\/dietmar-korthals_wordpress\/wp-content\/uploads\/2024\/03\/dietmar_korthals_3-scaled.jpg","datePublished":"2024-03-23T08:19:17+00:00","dateModified":"2026-04-12T13:04:52+00:00","breadcrumb":{"@id":"https:\/\/www.dietmar-korthals.de\/dietmar-korthals_wordpress\/termine\/#breadcrumb"},"inLanguage":"de","potentialAction":[{"@type":"ReadAction","target":["https:\/\/www.dietmar-korthals.de\/dietmar-korthals_wordpress\/termine\/"]}]},{"@type":"ImageObject","inLanguage":"de","@id":"https:\/\/www.dietmar-korthals.de\/dietmar-korthals_wordpress\/termine\/#primaryimage","url":"http:\/\/www.dietmar-korthals.de\/dietmar-korthals_wordpress\/wp-content\/uploads\/2024\/03\/dietmar_korthals_3-scaled.jpg","contentUrl":"http:\/\/www.dietmar-korthals.de\/dietmar-korthals_wordpress\/wp-content\/uploads\/2024\/03\/dietmar_korthals_3-scaled.jpg","width":2560,"height":1707},{"@type":"BreadcrumbList","@id":"https:\/\/www.dietmar-korthals.de\/dietmar-korthals_wordpress\/termine\/#breadcrumb","itemListElement":[{"@type":"ListItem","position":1,"name":"Home","item":"https:\/\/www.dietmar-korthals.de\/dietmar-korthals_wordpress\/"},{"@type":"ListItem","position":2,"name":"Termine"}]},{"@type":"WebSite","@id":"https:\/\/www.dietmar-korthals.de\/dietmar-korthals_wordpress\/#website","url":"https:\/\/www.dietmar-korthals.de\/dietmar-korthals_wordpress\/","name":"Dietmar Korthals","description":"Klavier. Orgel. Konzerte. Unterricht.","publisher":{"@id":"https:\/\/www.dietmar-korthals.de\/dietmar-korthals_wordpress\/#\/schema\/person\/e762c527bb5e2287a6e0cdf9577bc822"},"potentialAction":[{"@type":"SearchAction","target":{"@type":"EntryPoint","urlTemplate":"https:\/\/www.dietmar-korthals.de\/dietmar-korthals_wordpress\/?s={search_term_string}"},"query-input":"required name=search_term_string"}],"inLanguage":"de"},{"@type":["Person","Organization"],"@id":"https:\/\/www.dietmar-korthals.de\/dietmar-korthals_wordpress\/#\/schema\/person\/e762c527bb5e2287a6e0cdf9577bc822","name":"bluenote","image":{"@type":"ImageObject","inLanguage":"de","@id":"https:\/\/www.dietmar-korthals.de\/dietmar-korthals_wordpress\/#\/schema\/person\/image\/","url":"https:\/\/www.dietmar-korthals.de\/dietmar-korthals_wordpress\/wp-content\/uploads\/2024\/03\/dietmar_korthals_3-scaled-e1723734283249.webp","contentUrl":"https:\/\/www.dietmar-korthals.de\/dietmar-korthals_wordpress\/wp-content\/uploads\/2024\/03\/dietmar_korthals_3-scaled-e1723734283249.webp","width":1180,"height":635,"caption":"bluenote"},"logo":{"@id":"https:\/\/www.dietmar-korthals.de\/dietmar-korthals_wordpress\/#\/schema\/person\/image\/"},"description":"Preistr\u00e4ger Jugend komponiert. Studium Musikwissenschaft in Bochum. Klavierlehrer. Organist der Dortmunder Pauluskirche. Projekt \"Die popul\u00e4re Orgel\" - Choralbearbeitungen in Pop- und Jazzstilen f\u00fcr die Pfeifenorgel. Projekt Orgel plus DJ mit DJ Dash. Projekt PianoSacra - Klavierkl\u00e4nge f\u00fcr die Kirche. Projekt Das Orgelkombinat - Orgel plus Synthesizer. Fernerhin Interesse an den Werken Dortmunder Orgelkomponisten, insbesondere Otto Heinermann","sameAs":["http:\/\/www.dietmar-korthals.de\/dietmar-korthals_wordpress","https:\/\/www.facebook.com\/dietmar.korthals","https:\/\/www.youtube.com\/channel\/UCq2BlRBc_vQkNzsMAInGP6A","https:\/\/de.everybodywiki.com\/Dietmar_Korthals"]}]}},"_links":{"self":[{"href":"http:\/\/www.dietmar-korthals.de\/dietmar-korthals_wordpress\/wp-json\/wp\/v2\/pages\/118","targetHints":{"allow":["GET"]}}],"collection":[{"href":"http:\/\/www.dietmar-korthals.de\/dietmar-korthals_wordpress\/wp-json\/wp\/v2\/pages"}],"about":[{"href":"http:\/\/www.dietmar-korthals.de\/dietmar-korthals_wordpress\/wp-json\/wp\/v2\/types\/page"}],"author":[{"embeddable":true,"href":"http:\/\/www.dietmar-korthals.de\/dietmar-korthals_wordpress\/wp-json\/wp\/v2\/users\/1"}],"replies":[{"embeddable":true,"href":"http:\/\/www.dietmar-korthals.de\/dietmar-korthals_wordpress\/wp-json\/wp\/v2\/comments?post=118"}],"version-history":[{"count":45,"href":"http:\/\/www.dietmar-korthals.de\/dietmar-korthals_wordpress\/wp-json\/wp\/v2\/pages\/118\/revisions"}],"predecessor-version":[{"id":601,"href":"http:\/\/www.dietmar-korthals.de\/dietmar-korthals_wordpress\/wp-json\/wp\/v2\/pages\/118\/revisions\/601"}],"wp:featuredmedia":[{"embeddable":true,"href":"http:\/\/www.dietmar-korthals.de\/dietmar-korthals_wordpress\/wp-json\/wp\/v2\/media\/61"}],"wp:attachment":[{"href":"http:\/\/www.dietmar-korthals.de\/dietmar-korthals_wordpress\/wp-json\/wp\/v2\/media?parent=118"}],"curies":[{"name":"wp","href":"https:\/\/api.w.org\/{rel}","templated":true}]}}