{"id":117,"date":"2024-03-23T09:19:17","date_gmt":"2024-03-23T08:19:17","guid":{"rendered":"https:\/\/www.dietmar-korthals.de\/dietmar-korthals_wordpress\/?page_id=117"},"modified":"2024-08-22T07:49:25","modified_gmt":"2024-08-22T05:49:25","slug":"konzerte","status":"publish","type":"page","link":"http:\/\/www.dietmar-korthals.de\/dietmar-korthals_wordpress\/konzerte\/","title":{"rendered":"Konzerte"},"content":{"rendered":"\t\t<div data-elementor-type=\"wp-page\" data-elementor-id=\"117\" class=\"elementor elementor-117\">\n\t\t\t\t<div class=\"elementor-element elementor-element-38f49e8f e-flex e-con-boxed e-con e-parent\" data-id=\"38f49e8f\" data-element_type=\"container\">\n\t\t\t\t\t<div class=\"e-con-inner\">\n\t\t\t\t<div class=\"elementor-element elementor-element-1ab44c elementor-widget elementor-widget-text-editor\" data-id=\"1ab44c\" data-element_type=\"widget\" data-widget_type=\"text-editor.default\">\n\t\t\t\t<div class=\"elementor-widget-container\">\n\t\t\t<style>\/*! elementor - v3.23.0 - 05-08-2024 *\/\n.elementor-widget-text-editor.elementor-drop-cap-view-stacked .elementor-drop-cap{background-color:#69727d;color:#fff}.elementor-widget-text-editor.elementor-drop-cap-view-framed .elementor-drop-cap{color:#69727d;border:3px solid;background-color:transparent}.elementor-widget-text-editor:not(.elementor-drop-cap-view-default) .elementor-drop-cap{margin-top:8px}.elementor-widget-text-editor:not(.elementor-drop-cap-view-default) .elementor-drop-cap-letter{width:1em;height:1em}.elementor-widget-text-editor .elementor-drop-cap{float:left;text-align:center;line-height:1;font-size:50px}.elementor-widget-text-editor .elementor-drop-cap-letter{display:inline-block}<\/style>\t\t\t\t<!-- wp:columns {\"className\":\"\"} -->\n<div class=\"wp-block-columns\"><!-- wp:column {\"className\":\"\"} -->\n<div class=\"wp-block-column\"><!-- wp:heading {\"style\":{\"spacing\":{\"margin\":{\"top\":\"0px\",\"right\":\"0px\",\"bottom\":\"0px\",\"left\":\"0px\"}}},\"className\":\"is-style-small-text\"} --><!-- \/wp:heading --><!-- wp:heading {\"style\":{\"spacing\":{\"margin\":{\"top\":\"0px\",\"right\":\"0px\",\"bottom\":\"20px\",\"left\":\"0px\"}}},\"className\":\"is-style-text-outline\",\"fontSize\":\"xl\"} -->\n<h2 class=\"is-style-text-outline has-xl-font-size\" style=\"margin: 0px 0px 20px 0px;\"><strong>Das Orgelkombinat<\/strong><\/h2>\n<!-- \/wp:heading --><!-- wp:social-links {\"className\":\"is-style-logos-only\"} -->\n<ul class=\"wp-block-social-links is-style-logos-only\"><!-- wp:social-link {\"url\":\"https:\/\/www.facebook.com\/profile.php?id=100095478196506\",\"service\":\"facebook\"} \/--><\/ul>\n<!-- \/wp:social-links --><!-- wp:paragraph {\"className\":\"\"} --><!-- \/wp:paragraph --><\/div>\n<!-- \/wp:column --><!-- wp:column {\"className\":\"\"} -->\n<div class=\"wp-block-column\"><!-- wp:image {\"align\":\"center\",\"id\":139,\"sizeSlug\":\"large\",\"linkDestination\":\"none\",\"className\":\"is-style-default\"} -->\n<div class=\"wp-block-image is-style-default\">\n<figure class=\"aligncenter size-large\"><img fetchpriority=\"high\" decoding=\"async\" class=\"alignnone size-medium wp-image-376\" src=\"http:\/\/www.dietmar-korthals.de\/dietmar-korthals_wordpress\/wp-content\/uploads\/2024\/08\/Querplakat-1-300x205.webp\" alt=\"\" width=\"300\" height=\"205\" srcset=\"http:\/\/www.dietmar-korthals.de\/dietmar-korthals_wordpress\/wp-content\/uploads\/2024\/08\/Querplakat-1-300x205.webp 300w, http:\/\/www.dietmar-korthals.de\/dietmar-korthals_wordpress\/wp-content\/uploads\/2024\/08\/Querplakat-1-1024x701.webp 1024w, http:\/\/www.dietmar-korthals.de\/dietmar-korthals_wordpress\/wp-content\/uploads\/2024\/08\/Querplakat-1-768x526.webp 768w, http:\/\/www.dietmar-korthals.de\/dietmar-korthals_wordpress\/wp-content\/uploads\/2024\/08\/Querplakat-1-1536x1051.webp 1536w, http:\/\/www.dietmar-korthals.de\/dietmar-korthals_wordpress\/wp-content\/uploads\/2024\/08\/Querplakat-1-scaled.webp 1920w, http:\/\/www.dietmar-korthals.de\/dietmar-korthals_wordpress\/wp-content\/uploads\/2024\/08\/Querplakat-1-1140x780.webp 1140w\" sizes=\"(max-width: 300px) 100vw, 300px\" \/><\/figure>\n<\/div>\n<!-- \/wp:image --><\/div>\n<!-- \/wp:column --><!-- wp:column {\"style\":{\"spacing\":{\"padding\":{\"right\":\"20px\",\"left\":\"20px\"}}},\"className\":\"\"} -->\n<div class=\"wp-block-column\" style=\"padding-right: 20px; padding-left: 20px;\"><!-- wp:heading {\"className\":\"\"} -->\n<h2 class=\"\">Pfeifenorgel. Synthesizer.<\/h2>\n<!-- \/wp:heading --><!-- wp:paragraph {\"className\":\"\"} -->\n<p class=\"\">Die Orgel als integrierter Bestandteil eines elektronischen Setups? Geht. Sogar ziemlich gut. Dabei spielt die Orgel nicht einfach blo\u00df auf einen fertigen Beat. Nein: die St\u00fccke des Projektes sind allesamt f\u00fcr genau diese Besetzung auskomponiert. Das Resultat ist live eine gigantische Klangkulisse, wie sie nur mit diesen zwei akustischen Welten entstehen kann.<\/p>\n<p>Das Projekt ist derzeit in Arbeit und wird 2026 komplett konzertf\u00e4hig sein.<\/p>\n<p>Beispielvideo: <a href=\"https:\/\/youtu.be\/EeeqMbMSzMM?si=G8G7uecoaRey4lhc\" target=\"_blank\" rel=\"noopener\">about:toccata<\/a><\/p>\n<!-- \/wp:paragraph --><!-- wp:heading {\"className\":\"\"} --><!-- \/wp:heading --><!-- wp:paragraph {\"className\":\"\"} --><!-- \/wp:paragraph --><\/div>\n<!-- \/wp:column --><\/div>\n<!-- \/wp:columns --><!-- wp:spacer {\"height\":\"40px\",\"className\":\"\"} --><!-- \/wp:spacer --><!-- wp:separator {\"className\":\"is-style-wide\"} --><hr class=\"wp-block-separator is-style-wide\" \/><!-- \/wp:separator --><!-- wp:spacer {\"height\":\"60px\",\"className\":\"\"} -->\n<div class=\"wp-block-spacer\" style=\"height: 60px;\" aria-hidden=\"true\">\u00a0<\/div>\n<!-- \/wp:spacer --><!-- wp:columns {\"className\":\"\"} -->\n<div class=\"wp-block-columns\"><!-- wp:column {\"className\":\"\"} -->\n<div class=\"wp-block-column\"><!-- wp:heading {\"style\":{\"spacing\":{\"margin\":{\"top\":\"0px\",\"right\":\"0px\",\"bottom\":\"0px\",\"left\":\"0px\"}}},\"className\":\"is-style-small-text\"} --><!-- \/wp:heading --><!-- wp:heading {\"style\":{\"spacing\":{\"margin\":{\"top\":\"0px\",\"right\":\"0px\",\"bottom\":\"20px\",\"left\":\"0px\"}}},\"className\":\"is-style-text-outline\",\"fontSize\":\"xl\"} -->\n<h2 class=\"is-style-text-outline has-xl-font-size\" style=\"margin: 0px 0px 20px 0px;\"><strong>Stars auf der Kirchenorgel<br \/><\/strong><\/h2>\n<!-- \/wp:heading --><!-- wp:social-links {\"className\":\"is-style-logos-only\"} -->\n<ul class=\"wp-block-social-links is-style-logos-only\"><!-- wp:social-link {\"url\":\"#\",\"service\":\"facebook\"} \/--><\/ul>\n<!-- \/wp:social-links --><!-- wp:paragraph {\"className\":\"\"} -->\n<p class=\"\">\u00a0<\/p>\n<!-- \/wp:paragraph --><\/div>\n<!-- \/wp:column --><!-- wp:column {\"className\":\"\"} -->\n<div class=\"wp-block-column\"><!-- wp:image {\"align\":\"center\",\"id\":141,\"sizeSlug\":\"large\",\"linkDestination\":\"none\",\"className\":\"is-style-default\"} -->\n<div class=\"wp-block-image is-style-default\">\n<figure class=\"aligncenter size-large\"><img decoding=\"async\" class=\"alignnone size-medium wp-image-379\" src=\"http:\/\/www.dietmar-korthals.de\/dietmar-korthals_wordpress\/wp-content\/uploads\/2024\/08\/20240505-do-DortBunt-Foto-Schaper_24-300x200.webp\" alt=\"\" width=\"300\" height=\"200\" srcset=\"http:\/\/www.dietmar-korthals.de\/dietmar-korthals_wordpress\/wp-content\/uploads\/2024\/08\/20240505-do-DortBunt-Foto-Schaper_24-300x200.webp 300w, http:\/\/www.dietmar-korthals.de\/dietmar-korthals_wordpress\/wp-content\/uploads\/2024\/08\/20240505-do-DortBunt-Foto-Schaper_24-1024x683.webp 1024w, http:\/\/www.dietmar-korthals.de\/dietmar-korthals_wordpress\/wp-content\/uploads\/2024\/08\/20240505-do-DortBunt-Foto-Schaper_24-768x512.webp 768w, http:\/\/www.dietmar-korthals.de\/dietmar-korthals_wordpress\/wp-content\/uploads\/2024\/08\/20240505-do-DortBunt-Foto-Schaper_24-1536x1024.webp 1536w, http:\/\/www.dietmar-korthals.de\/dietmar-korthals_wordpress\/wp-content\/uploads\/2024\/08\/20240505-do-DortBunt-Foto-Schaper_24-scaled.webp 1920w, http:\/\/www.dietmar-korthals.de\/dietmar-korthals_wordpress\/wp-content\/uploads\/2024\/08\/20240505-do-DortBunt-Foto-Schaper_24-1140x760.webp 1140w\" sizes=\"(max-width: 300px) 100vw, 300px\" \/><\/figure>\n<\/div>\n<!-- \/wp:image --><\/div>\n<!-- \/wp:column --><!-- wp:column {\"style\":{\"spacing\":{\"padding\":{\"right\":\"20px\",\"left\":\"20px\"}}},\"className\":\"\"} -->\n<div class=\"wp-block-column\" style=\"padding-right: 20px; padding-left: 20px;\"><!-- wp:heading {\"className\":\"\"} -->\n<h2 class=\"\">Best of Queen, Linkin Park und Co.<\/h2>\n<!-- \/wp:heading --><!-- wp:paragraph {\"className\":\"\"} -->\n<p class=\"\">ABBAs &#8222;Thank You For The Music&#8220;. Linkin Parks &#8222;Castle Of Glass&#8220;. Stings &#8222;Englishman In New York&#8220;. Iron Maidens &#8222;Hallowed Be Thy Name&#8220;. Und viele Titel mehr. Wie h\u00f6ren sie sich auf der Kirchenorgel an?<\/p>\n<p>Seit etlichen Jahren veranstalten wir in der Dortmunder Pauluskirche regelm\u00e4\u00dfig Kulturgottesdienste, in denen ein Star oder eine Band Mittelpunkt des Gottesdienstes ist. Dazu kredenze ich meist 5 Titel des Stars bzw. der Band auf der Pfeifenorgel. Es lag die Idee auf der Hand, die besten St\u00fccke daraus zu einem Konzertprogramm zusammen zu stellen.<\/p>\n<p>Die Premiere beim Evangelischen Kirchentag 2019 in Dortmund war im Wortsinn ein voller Erfolg. Auch nachfolgende Konzerte waren immer gut besucht.<\/p>\n<p>Bericht auf <a href=\"https:\/\/www.evangelisch.de\/inhalte\/157853\/11-07-2019\/von-linkin-park-ueber-pink-bis-queen-top-hits-auf-der-orgel\" target=\"_blank\" rel=\"noopener\">evangelisch.de<\/a><\/p>\n<p>-&gt; <a href=\"https:\/\/www.dietmar-korthals.de\/waz_velbert_06-08-2019.jpg\" target=\"_blank\" rel=\"noopener\">WAZ Velbert, Rezension vom 06.08.2019<\/a><br \/>-&gt; <a href=\"https:\/\/www.dietmar-korthals.de\/pnp_zwiesel_22-09-2021.pdf\" target=\"_blank\" rel=\"noopener\">Der Bayerbote Zwiesel, Rezension vom 22.09.2021<\/a><\/p>\n<p>Beispielvideo: <a href=\"https:\/\/youtu.be\/O3T2bm2hsbo\" target=\"_blank\" rel=\"noopener\">The Show Must Go On &#8211; Queen<\/a><br \/>Beispielvideo: <a href=\"https:\/\/youtu.be\/zop1s4ZMHt8\" target=\"_blank\" rel=\"noopener\">Heal The World &#8211; Michael Jackson<br \/><\/a>Beispielvideo: <a href=\"https:\/\/youtu.be\/vW_SIYXc7EI\">Who Wants To Live Forever &#8211; Queen<\/a><\/p>\n<p>Foto: Oliver Schaper<\/p>\n<!-- \/wp:paragraph --><!-- wp:heading {\"className\":\"\"} --><!-- \/wp:heading --><!-- wp:paragraph {\"className\":\"\"} --><!-- \/wp:paragraph --><\/div>\n<!-- \/wp:column --><\/div>\n<!-- \/wp:columns --><!-- wp:spacer {\"height\":\"40px\",\"className\":\"\"} --><!-- \/wp:spacer --><!-- wp:separator {\"className\":\"is-style-wide\"} --><hr class=\"wp-block-separator is-style-wide\" \/><!-- \/wp:separator --><!-- wp:spacer {\"height\":\"60px\",\"className\":\"\"} -->\n<div class=\"wp-block-spacer\" style=\"height: 60px;\" aria-hidden=\"true\">\u00a0<\/div>\n<!-- \/wp:spacer --><!-- wp:columns {\"className\":\"\"} -->\n<div class=\"wp-block-columns\"><!-- wp:column {\"className\":\"\"} -->\n<div class=\"wp-block-column\"><!-- wp:heading {\"style\":{\"spacing\":{\"margin\":{\"top\":\"0px\",\"right\":\"0px\",\"bottom\":\"0px\",\"left\":\"0px\"}}},\"className\":\"is-style-small-text\"} --><!-- \/wp:heading --><!-- wp:heading {\"style\":{\"spacing\":{\"margin\":{\"top\":\"0px\",\"right\":\"0px\",\"bottom\":\"20px\",\"left\":\"0px\"}}},\"className\":\"is-style-text-outline\",\"fontSize\":\"xl\"} -->\n<h2 class=\"is-style-text-outline has-xl-font-size\" style=\"margin: 0px 0px 20px 0px;\"><strong>PianoSacra<br \/><\/strong><\/h2>\n<!-- \/wp:heading --><!-- wp:social-links {\"className\":\"is-style-logos-only\"} -->\n<ul class=\"wp-block-social-links is-style-logos-only\"><!-- wp:social-link {\"url\":\"https:\/\/www.facebook.com\/pianosacra\/\",\"service\":\"facebook\"} \/--><\/ul>\n<!-- \/wp:social-links --><!-- wp:paragraph {\"className\":\"\"} -->\n<p class=\"\">\u00a0<\/p>\n<!-- \/wp:paragraph --><\/div>\n<!-- \/wp:column --><!-- wp:column {\"className\":\"\"} -->\n<div class=\"wp-block-column\"><!-- wp:image {\"align\":\"center\",\"id\":142,\"sizeSlug\":\"large\",\"linkDestination\":\"none\",\"className\":\"is-style-default\"} -->\n<div class=\"wp-block-image is-style-default\">\n<figure class=\"aligncenter size-large\"><img decoding=\"async\" class=\"alignnone size-medium wp-image-377\" src=\"http:\/\/www.dietmar-korthals.de\/dietmar-korthals_wordpress\/wp-content\/uploads\/2024\/08\/PianoSacra-Logo-191x300.webp\" alt=\"\" width=\"191\" height=\"300\" srcset=\"http:\/\/www.dietmar-korthals.de\/dietmar-korthals_wordpress\/wp-content\/uploads\/2024\/08\/PianoSacra-Logo-191x300.webp 191w, http:\/\/www.dietmar-korthals.de\/dietmar-korthals_wordpress\/wp-content\/uploads\/2024\/08\/PianoSacra-Logo-545x855.webp 545w, http:\/\/www.dietmar-korthals.de\/dietmar-korthals_wordpress\/wp-content\/uploads\/2024\/08\/PianoSacra-Logo.webp 649w\" sizes=\"(max-width: 191px) 100vw, 191px\" \/><\/figure>\n<\/div>\n<!-- \/wp:image --><\/div>\n<!-- \/wp:column --><!-- wp:column {\"style\":{\"spacing\":{\"padding\":{\"right\":\"20px\",\"left\":\"20px\"}}},\"className\":\"\"} -->\n<div class=\"wp-block-column\" style=\"padding-right: 20px; padding-left: 20px;\"><!-- wp:heading {\"className\":\"\"} -->\n<h2 class=\"\">KlavierKl\u00e4nge f\u00fcr die Kirche.<\/h2>\n<!-- \/wp:heading --><!-- wp:paragraph {\"className\":\"\"} -->\n<p class=\"\">PianoSacra: das sind Kompositionen f\u00fcr Klavier im kirchlichen Bereich. Solistische Vortragsst\u00fccke f\u00fcr den Gottesdienst, den musikalischen Abend, das Konzert.<\/p>\n<p>Urspr\u00fcnglich war dieses Projekt als Notenbuchprojekt gedacht, um Klaviermusik gezielt f\u00fcr den kirchlichen Kontext zu erschaffen.\u00a0<\/p>\n<p>Das Notenbuch ist in der <a href=\"https:\/\/www.edition-punctum-saliens.de\/\" target=\"_blank\" rel=\"noopener\">Edition Punctum Saliens<\/a> erschienen. PianoSacra begeistert aber auch als Solokonzert.<\/p>\n<p>Link zur <a href=\"http:\/\/www.pianosacra.de\/\" target=\"_blank\" rel=\"noopener\">Projektwebsite<\/a>. Hier finden sich auch Klangbeispiele.<br \/><br \/>Link zur <a href=\"https:\/\/www.edition-punctum-saliens.de\/index.php\/unser-katalog\/18-instrumentalmusik\/orgel-klavier-zu-zwei-haenden\/133-pianosacra-d-korthals\" target=\"_blank\" rel=\"noopener\">Verlagswebsite<\/a><\/p>\n<p>Beispielvideo: <a href=\"https:\/\/youtu.be\/m_lGSAmf8Gs?si=linnm5pfKYaASkWk\" target=\"_blank\" rel=\"noopener\">Du, meine Seele, singe<\/a><\/p>\n<!-- \/wp:paragraph --><!-- wp:heading {\"className\":\"\"} --><!-- \/wp:heading --><!-- wp:paragraph {\"className\":\"\"} --><!-- \/wp:paragraph --><\/div>\n<!-- \/wp:column --><\/div>\n<!-- \/wp:columns --><!-- wp:spacer {\"height\":\"40px\",\"className\":\"\"} -->\n<div class=\"wp-block-spacer\" style=\"height: 40px;\" aria-hidden=\"true\">\u00a0<\/div>\n<!-- \/wp:spacer --><!-- wp:separator {\"className\":\"is-style-wide\"} --><hr class=\"wp-block-separator is-style-wide\" \/><!-- \/wp:separator --><!-- wp:spacer {\"height\":\"60px\",\"className\":\"\"} -->\n<div class=\"wp-block-spacer\" style=\"height: 60px;\" aria-hidden=\"true\">\u00a0<\/div>\n<!-- \/wp:spacer --><!-- wp:columns {\"className\":\"\"} -->\n<div class=\"wp-block-columns\"><!-- wp:column {\"className\":\"\"} -->\n<div class=\"wp-block-column\"><!-- wp:heading {\"style\":{\"spacing\":{\"margin\":{\"top\":\"0px\",\"right\":\"0px\",\"bottom\":\"0px\",\"left\":\"0px\"}}},\"className\":\"is-style-small-text\"} --><!-- \/wp:heading --><!-- wp:heading {\"style\":{\"spacing\":{\"margin\":{\"top\":\"0px\",\"right\":\"0px\",\"bottom\":\"20px\",\"left\":\"0px\"}}},\"className\":\"is-style-text-outline\",\"fontSize\":\"xl\"} -->\n<h2 class=\"is-style-text-outline has-xl-font-size\" style=\"margin: 0px 0px 20px 0px;\"><strong>die popul\u00e4re orgel<br \/><\/strong><\/h2>\n<!-- \/wp:heading --><!-- wp:social-links {\"className\":\"is-style-logos-only\"} -->\n<ul class=\"wp-block-social-links is-style-logos-only\"><!-- wp:social-link {\"url\":\"https:\/\/www.facebook.com\/diepopulaereorgel\",\"service\":\"facebook\"} \/--><\/ul>\n<!-- \/wp:social-links --><!-- wp:paragraph {\"className\":\"\"} -->\n<p class=\"\">\u00a0<\/p>\n<!-- \/wp:paragraph --><\/div>\n<!-- \/wp:column --><!-- wp:column {\"className\":\"\"} -->\n<div class=\"wp-block-column\"><!-- wp:image {\"align\":\"center\",\"id\":140,\"sizeSlug\":\"large\",\"linkDestination\":\"none\",\"className\":\"is-style-default\"} -->\n<div class=\"wp-block-image is-style-default\">\n<figure class=\"aligncenter size-large\"><img loading=\"lazy\" decoding=\"async\" class=\"alignnone size-medium wp-image-378\" src=\"http:\/\/www.dietmar-korthals.de\/dietmar-korthals_wordpress\/wp-content\/uploads\/2024\/08\/logo-300x300.webp\" alt=\"\" width=\"300\" height=\"300\" srcset=\"http:\/\/www.dietmar-korthals.de\/dietmar-korthals_wordpress\/wp-content\/uploads\/2024\/08\/logo-300x300.webp 300w, http:\/\/www.dietmar-korthals.de\/dietmar-korthals_wordpress\/wp-content\/uploads\/2024\/08\/logo-1024x1024.webp 1024w, http:\/\/www.dietmar-korthals.de\/dietmar-korthals_wordpress\/wp-content\/uploads\/2024\/08\/logo-150x150.webp 150w, http:\/\/www.dietmar-korthals.de\/dietmar-korthals_wordpress\/wp-content\/uploads\/2024\/08\/logo.webp 1654w\" sizes=\"(max-width: 300px) 100vw, 300px\" \/><\/figure>\n<\/div>\n<!-- \/wp:image --><\/div>\n<!-- \/wp:column --><!-- wp:column {\"style\":{\"spacing\":{\"padding\":{\"right\":\"20px\",\"left\":\"20px\"}}},\"className\":\"\"} -->\n<div class=\"wp-block-column\" style=\"padding-right: 20px; padding-left: 20px;\"><!-- wp:heading {\"className\":\"\"} -->\n<h2 class=\"\">Choralbearbeitungen in Pop- und Jazzstilen<\/h2>\n<!-- \/wp:heading --><!-- wp:paragraph {\"className\":\"\"} -->\n<p class=\"\">Pop-Ballade. Orgelsinfonik. Swing. Fuge. Die Essenz kraftwerk-\u00e4hnlicher Beats. Und als Basis von Allem: der Choral.<\/p>\n<p>In diesem Projekt lote ich die M\u00f6glichkeiten aus, die sich durch die Kombination verschiedenster musikalischer Stilelemente ergeben. Resultat: eine Musik, die neu klingt und trotzdem vertraut.<\/p>\n<p>Das Projekt existiert seit 2009. Entsprechend haben bereits eine Vielzahl an Konzerten stattgefunden. Erschienen sind 2 Notenb\u00fccher und eine CD in der <a href=\"https:\/\/www.edition-punctum-saliens.de\/\" target=\"_blank\" rel=\"noopener\">Edition Punctum Saliens<\/a>.<\/p>\n<p>Link zur (etwas \u00fcberalterten) <a href=\"http:\/\/www.die-populaere-orgel.de\/\" target=\"_blank\" rel=\"noopener\">Projektwebsite<\/a>.<\/p>\n<p>-&gt; <a href=\"https:\/\/www.dietmar-korthals.de\/cellesche_zeitung_27-03-2017\" target=\"_blank\" rel=\"noopener\">Cellesche Zeitung, Rezension vom 27.03.2017<\/a><\/p>\n<p>Link zur <a href=\"https:\/\/www.edition-punctum-saliens.de\/index.php\/component\/search\/?searchword=die%20popul%C3%A4re%20orgel&amp;searchphrase=all&amp;Itemid=103\" target=\"_blank\" rel=\"noopener\">Verlagswebsite<\/a>.<\/p>\n<p>Beispielvideo: <a href=\"https:\/\/youtu.be\/x3OoZTVQDLw?si=nb96Jn4zc0w7Dg5U\" target=\"_blank\" rel=\"noopener\">Ich singe dir mit Herz und Mund<\/a>.<\/p>\n<p>Beispielsoundfile: <a href=\"https:\/\/on.soundcloud.com\/8AMM1cEBTfJUhQBM8\" target=\"_blank\" rel=\"noopener\">Bist du bei mir<\/a>.<\/p>\n<!-- \/wp:paragraph --><!-- wp:heading {\"className\":\"\"} --><!-- \/wp:heading --><!-- wp:paragraph {\"className\":\"\"} --><!-- \/wp:paragraph --><\/div>\n<!-- \/wp:column --><\/div>\n<!-- \/wp:columns -->\t\t\t\t\t\t<\/div>\n\t\t\t\t<\/div>\n\t\t\t\t\t<\/div>\n\t\t\t\t<\/div>\n\t\t\t\t<\/div>\n\t\t","protected":false},"excerpt":{"rendered":"<p>Das Orgelkombinat Pfeifenorgel. Synthesizer. Die Orgel als integrierter Bestandteil eines elektronischen Setups? Geht. Sogar ziemlich gut. Dabei spielt die Orgel<span class=\"more-dots\">&#8230;<\/span><\/p>\n","protected":false},"author":1,"featured_media":61,"parent":0,"menu_order":0,"comment_status":"closed","ping_status":"closed","template":"","meta":{"_uf_show_specific_survey":0,"_uf_disable_surveys":false,"footnotes":""},"class_list":["post-117","page","type-page","status-publish","has-post-thumbnail","hentry"],"yoast_head":"<!-- This site is optimized with the Yoast SEO plugin v23.3 - https:\/\/yoast.com\/wordpress\/plugins\/seo\/ -->\n<title>Konzerte - Dietmar Korthals<\/title>\n<meta name=\"robots\" content=\"index, follow, max-snippet:-1, max-image-preview:large, max-video-preview:-1\" \/>\n<link rel=\"canonical\" href=\"https:\/\/www.dietmar-korthals.de\/dietmar-korthals_wordpress\/konzerte\/\" \/>\n<meta property=\"og:locale\" content=\"de_DE\" \/>\n<meta property=\"og:type\" content=\"article\" \/>\n<meta property=\"og:title\" content=\"Konzerte - Dietmar Korthals\" \/>\n<meta property=\"og:description\" content=\"Das Orgelkombinat Pfeifenorgel. Synthesizer. Die Orgel als integrierter Bestandteil eines elektronischen Setups? Geht. Sogar ziemlich gut. Dabei spielt die Orgel...\" \/>\n<meta property=\"og:url\" content=\"https:\/\/www.dietmar-korthals.de\/dietmar-korthals_wordpress\/konzerte\/\" \/>\n<meta property=\"og:site_name\" content=\"Dietmar Korthals\" \/>\n<meta property=\"article:publisher\" content=\"https:\/\/www.facebook.com\/dietmar.korthals\" \/>\n<meta property=\"article:modified_time\" content=\"2024-08-22T05:49:25+00:00\" \/>\n<meta property=\"og:image\" content=\"https:\/\/www.dietmar-korthals.de\/dietmar-korthals_wordpress\/wp-content\/uploads\/2024\/03\/dietmar_korthals_3-scaled.jpg\" \/>\n\t<meta property=\"og:image:width\" content=\"2560\" \/>\n\t<meta property=\"og:image:height\" content=\"1707\" \/>\n\t<meta property=\"og:image:type\" content=\"image\/webp\" \/>\n<meta name=\"twitter:card\" content=\"summary_large_image\" \/>\n<meta name=\"twitter:label1\" content=\"Gesch\u00e4tzte Lesezeit\" \/>\n\t<meta name=\"twitter:data1\" content=\"4\u00a0Minuten\" \/>\n<script type=\"application\/ld+json\" class=\"yoast-schema-graph\">{\"@context\":\"https:\/\/schema.org\",\"@graph\":[{\"@type\":\"WebPage\",\"@id\":\"https:\/\/www.dietmar-korthals.de\/dietmar-korthals_wordpress\/konzerte\/\",\"url\":\"https:\/\/www.dietmar-korthals.de\/dietmar-korthals_wordpress\/konzerte\/\",\"name\":\"Konzerte - Dietmar Korthals\",\"isPartOf\":{\"@id\":\"https:\/\/www.dietmar-korthals.de\/dietmar-korthals_wordpress\/#website\"},\"primaryImageOfPage\":{\"@id\":\"https:\/\/www.dietmar-korthals.de\/dietmar-korthals_wordpress\/konzerte\/#primaryimage\"},\"image\":{\"@id\":\"https:\/\/www.dietmar-korthals.de\/dietmar-korthals_wordpress\/konzerte\/#primaryimage\"},\"thumbnailUrl\":\"http:\/\/www.dietmar-korthals.de\/dietmar-korthals_wordpress\/wp-content\/uploads\/2024\/03\/dietmar_korthals_3-scaled.jpg\",\"datePublished\":\"2024-03-23T08:19:17+00:00\",\"dateModified\":\"2024-08-22T05:49:25+00:00\",\"breadcrumb\":{\"@id\":\"https:\/\/www.dietmar-korthals.de\/dietmar-korthals_wordpress\/konzerte\/#breadcrumb\"},\"inLanguage\":\"de\",\"potentialAction\":[{\"@type\":\"ReadAction\",\"target\":[\"https:\/\/www.dietmar-korthals.de\/dietmar-korthals_wordpress\/konzerte\/\"]}]},{\"@type\":\"ImageObject\",\"inLanguage\":\"de\",\"@id\":\"https:\/\/www.dietmar-korthals.de\/dietmar-korthals_wordpress\/konzerte\/#primaryimage\",\"url\":\"http:\/\/www.dietmar-korthals.de\/dietmar-korthals_wordpress\/wp-content\/uploads\/2024\/03\/dietmar_korthals_3-scaled.jpg\",\"contentUrl\":\"http:\/\/www.dietmar-korthals.de\/dietmar-korthals_wordpress\/wp-content\/uploads\/2024\/03\/dietmar_korthals_3-scaled.jpg\",\"width\":2560,\"height\":1707},{\"@type\":\"BreadcrumbList\",\"@id\":\"https:\/\/www.dietmar-korthals.de\/dietmar-korthals_wordpress\/konzerte\/#breadcrumb\",\"itemListElement\":[{\"@type\":\"ListItem\",\"position\":1,\"name\":\"Home\",\"item\":\"https:\/\/www.dietmar-korthals.de\/dietmar-korthals_wordpress\/\"},{\"@type\":\"ListItem\",\"position\":2,\"name\":\"Konzerte\"}]},{\"@type\":\"WebSite\",\"@id\":\"https:\/\/www.dietmar-korthals.de\/dietmar-korthals_wordpress\/#website\",\"url\":\"https:\/\/www.dietmar-korthals.de\/dietmar-korthals_wordpress\/\",\"name\":\"Dietmar Korthals\",\"description\":\"Klavier. Orgel. Konzerte. Unterricht.\",\"publisher\":{\"@id\":\"https:\/\/www.dietmar-korthals.de\/dietmar-korthals_wordpress\/#\/schema\/person\/e762c527bb5e2287a6e0cdf9577bc822\"},\"potentialAction\":[{\"@type\":\"SearchAction\",\"target\":{\"@type\":\"EntryPoint\",\"urlTemplate\":\"https:\/\/www.dietmar-korthals.de\/dietmar-korthals_wordpress\/?s={search_term_string}\"},\"query-input\":\"required name=search_term_string\"}],\"inLanguage\":\"de\"},{\"@type\":[\"Person\",\"Organization\"],\"@id\":\"https:\/\/www.dietmar-korthals.de\/dietmar-korthals_wordpress\/#\/schema\/person\/e762c527bb5e2287a6e0cdf9577bc822\",\"name\":\"bluenote\",\"image\":{\"@type\":\"ImageObject\",\"inLanguage\":\"de\",\"@id\":\"https:\/\/www.dietmar-korthals.de\/dietmar-korthals_wordpress\/#\/schema\/person\/image\/\",\"url\":\"https:\/\/www.dietmar-korthals.de\/dietmar-korthals_wordpress\/wp-content\/uploads\/2024\/03\/dietmar_korthals_3-scaled-e1723734283249.webp\",\"contentUrl\":\"https:\/\/www.dietmar-korthals.de\/dietmar-korthals_wordpress\/wp-content\/uploads\/2024\/03\/dietmar_korthals_3-scaled-e1723734283249.webp\",\"width\":1180,\"height\":635,\"caption\":\"bluenote\"},\"logo\":{\"@id\":\"https:\/\/www.dietmar-korthals.de\/dietmar-korthals_wordpress\/#\/schema\/person\/image\/\"},\"description\":\"Preistr\u00e4ger Jugend komponiert. Studium Musikwissenschaft in Bochum. Klavierlehrer. Organist der Dortmunder Pauluskirche. Projekt \\\"Die popul\u00e4re Orgel\\\" - Choralbearbeitungen in Pop- und Jazzstilen f\u00fcr die Pfeifenorgel. Projekt Orgel plus DJ mit DJ Dash. Projekt PianoSacra - Klavierkl\u00e4nge f\u00fcr die Kirche. Projekt Das Orgelkombinat - Orgel plus Synthesizer. Fernerhin Interesse an den Werken Dortmunder Orgelkomponisten, insbesondere Otto Heinermann\",\"sameAs\":[\"http:\/\/www.dietmar-korthals.de\/dietmar-korthals_wordpress\",\"https:\/\/www.facebook.com\/dietmar.korthals\",\"https:\/\/www.youtube.com\/channel\/UCq2BlRBc_vQkNzsMAInGP6A\",\"https:\/\/de.everybodywiki.com\/Dietmar_Korthals\"]}]}<\/script>\n<!-- \/ Yoast SEO plugin. -->","yoast_head_json":{"title":"Konzerte - Dietmar Korthals","robots":{"index":"index","follow":"follow","max-snippet":"max-snippet:-1","max-image-preview":"max-image-preview:large","max-video-preview":"max-video-preview:-1"},"canonical":"https:\/\/www.dietmar-korthals.de\/dietmar-korthals_wordpress\/konzerte\/","og_locale":"de_DE","og_type":"article","og_title":"Konzerte - Dietmar Korthals","og_description":"Das Orgelkombinat Pfeifenorgel. Synthesizer. Die Orgel als integrierter Bestandteil eines elektronischen Setups? Geht. Sogar ziemlich gut. Dabei spielt die Orgel...","og_url":"https:\/\/www.dietmar-korthals.de\/dietmar-korthals_wordpress\/konzerte\/","og_site_name":"Dietmar Korthals","article_publisher":"https:\/\/www.facebook.com\/dietmar.korthals","article_modified_time":"2024-08-22T05:49:25+00:00","og_image":[{"width":2560,"height":1707,"url":"https:\/\/www.dietmar-korthals.de\/dietmar-korthals_wordpress\/wp-content\/uploads\/2024\/03\/dietmar_korthals_3-scaled.jpg","type":"image\/webp"}],"twitter_card":"summary_large_image","twitter_misc":{"Gesch\u00e4tzte Lesezeit":"4\u00a0Minuten"},"schema":{"@context":"https:\/\/schema.org","@graph":[{"@type":"WebPage","@id":"https:\/\/www.dietmar-korthals.de\/dietmar-korthals_wordpress\/konzerte\/","url":"https:\/\/www.dietmar-korthals.de\/dietmar-korthals_wordpress\/konzerte\/","name":"Konzerte - Dietmar Korthals","isPartOf":{"@id":"https:\/\/www.dietmar-korthals.de\/dietmar-korthals_wordpress\/#website"},"primaryImageOfPage":{"@id":"https:\/\/www.dietmar-korthals.de\/dietmar-korthals_wordpress\/konzerte\/#primaryimage"},"image":{"@id":"https:\/\/www.dietmar-korthals.de\/dietmar-korthals_wordpress\/konzerte\/#primaryimage"},"thumbnailUrl":"http:\/\/www.dietmar-korthals.de\/dietmar-korthals_wordpress\/wp-content\/uploads\/2024\/03\/dietmar_korthals_3-scaled.jpg","datePublished":"2024-03-23T08:19:17+00:00","dateModified":"2024-08-22T05:49:25+00:00","breadcrumb":{"@id":"https:\/\/www.dietmar-korthals.de\/dietmar-korthals_wordpress\/konzerte\/#breadcrumb"},"inLanguage":"de","potentialAction":[{"@type":"ReadAction","target":["https:\/\/www.dietmar-korthals.de\/dietmar-korthals_wordpress\/konzerte\/"]}]},{"@type":"ImageObject","inLanguage":"de","@id":"https:\/\/www.dietmar-korthals.de\/dietmar-korthals_wordpress\/konzerte\/#primaryimage","url":"http:\/\/www.dietmar-korthals.de\/dietmar-korthals_wordpress\/wp-content\/uploads\/2024\/03\/dietmar_korthals_3-scaled.jpg","contentUrl":"http:\/\/www.dietmar-korthals.de\/dietmar-korthals_wordpress\/wp-content\/uploads\/2024\/03\/dietmar_korthals_3-scaled.jpg","width":2560,"height":1707},{"@type":"BreadcrumbList","@id":"https:\/\/www.dietmar-korthals.de\/dietmar-korthals_wordpress\/konzerte\/#breadcrumb","itemListElement":[{"@type":"ListItem","position":1,"name":"Home","item":"https:\/\/www.dietmar-korthals.de\/dietmar-korthals_wordpress\/"},{"@type":"ListItem","position":2,"name":"Konzerte"}]},{"@type":"WebSite","@id":"https:\/\/www.dietmar-korthals.de\/dietmar-korthals_wordpress\/#website","url":"https:\/\/www.dietmar-korthals.de\/dietmar-korthals_wordpress\/","name":"Dietmar Korthals","description":"Klavier. Orgel. Konzerte. Unterricht.","publisher":{"@id":"https:\/\/www.dietmar-korthals.de\/dietmar-korthals_wordpress\/#\/schema\/person\/e762c527bb5e2287a6e0cdf9577bc822"},"potentialAction":[{"@type":"SearchAction","target":{"@type":"EntryPoint","urlTemplate":"https:\/\/www.dietmar-korthals.de\/dietmar-korthals_wordpress\/?s={search_term_string}"},"query-input":"required name=search_term_string"}],"inLanguage":"de"},{"@type":["Person","Organization"],"@id":"https:\/\/www.dietmar-korthals.de\/dietmar-korthals_wordpress\/#\/schema\/person\/e762c527bb5e2287a6e0cdf9577bc822","name":"bluenote","image":{"@type":"ImageObject","inLanguage":"de","@id":"https:\/\/www.dietmar-korthals.de\/dietmar-korthals_wordpress\/#\/schema\/person\/image\/","url":"https:\/\/www.dietmar-korthals.de\/dietmar-korthals_wordpress\/wp-content\/uploads\/2024\/03\/dietmar_korthals_3-scaled-e1723734283249.webp","contentUrl":"https:\/\/www.dietmar-korthals.de\/dietmar-korthals_wordpress\/wp-content\/uploads\/2024\/03\/dietmar_korthals_3-scaled-e1723734283249.webp","width":1180,"height":635,"caption":"bluenote"},"logo":{"@id":"https:\/\/www.dietmar-korthals.de\/dietmar-korthals_wordpress\/#\/schema\/person\/image\/"},"description":"Preistr\u00e4ger Jugend komponiert. Studium Musikwissenschaft in Bochum. Klavierlehrer. Organist der Dortmunder Pauluskirche. Projekt \"Die popul\u00e4re Orgel\" - Choralbearbeitungen in Pop- und Jazzstilen f\u00fcr die Pfeifenorgel. Projekt Orgel plus DJ mit DJ Dash. Projekt PianoSacra - Klavierkl\u00e4nge f\u00fcr die Kirche. Projekt Das Orgelkombinat - Orgel plus Synthesizer. Fernerhin Interesse an den Werken Dortmunder Orgelkomponisten, insbesondere Otto Heinermann","sameAs":["http:\/\/www.dietmar-korthals.de\/dietmar-korthals_wordpress","https:\/\/www.facebook.com\/dietmar.korthals","https:\/\/www.youtube.com\/channel\/UCq2BlRBc_vQkNzsMAInGP6A","https:\/\/de.everybodywiki.com\/Dietmar_Korthals"]}]}},"_links":{"self":[{"href":"http:\/\/www.dietmar-korthals.de\/dietmar-korthals_wordpress\/wp-json\/wp\/v2\/pages\/117","targetHints":{"allow":["GET"]}}],"collection":[{"href":"http:\/\/www.dietmar-korthals.de\/dietmar-korthals_wordpress\/wp-json\/wp\/v2\/pages"}],"about":[{"href":"http:\/\/www.dietmar-korthals.de\/dietmar-korthals_wordpress\/wp-json\/wp\/v2\/types\/page"}],"author":[{"embeddable":true,"href":"http:\/\/www.dietmar-korthals.de\/dietmar-korthals_wordpress\/wp-json\/wp\/v2\/users\/1"}],"replies":[{"embeddable":true,"href":"http:\/\/www.dietmar-korthals.de\/dietmar-korthals_wordpress\/wp-json\/wp\/v2\/comments?post=117"}],"version-history":[{"count":44,"href":"http:\/\/www.dietmar-korthals.de\/dietmar-korthals_wordpress\/wp-json\/wp\/v2\/pages\/117\/revisions"}],"predecessor-version":[{"id":438,"href":"http:\/\/www.dietmar-korthals.de\/dietmar-korthals_wordpress\/wp-json\/wp\/v2\/pages\/117\/revisions\/438"}],"wp:featuredmedia":[{"embeddable":true,"href":"http:\/\/www.dietmar-korthals.de\/dietmar-korthals_wordpress\/wp-json\/wp\/v2\/media\/61"}],"wp:attachment":[{"href":"http:\/\/www.dietmar-korthals.de\/dietmar-korthals_wordpress\/wp-json\/wp\/v2\/media?parent=117"}],"curies":[{"name":"wp","href":"https:\/\/api.w.org\/{rel}","templated":true}]}}